{"id":5089,"date":"2022-09-16T21:15:44","date_gmt":"2022-09-17T04:15:44","guid":{"rendered":"https:\/\/www.latinonw.com\/?post_type=mec-events&#038;p=5089"},"modified":"2025-03-20T07:46:13","modified_gmt":"2025-03-20T14:46:13","slug":"el-festival-de-fiestas-patrias-de-sea-mar-celebra-la-cultura-latina-y-la-independencia","status":"publish","type":"mec-events","link":"https:\/\/www.latinonw.com\/es\/calendar\/el-festival-de-fiestas-patrias-de-sea-mar-celebra-la-cultura-latina-y-la-independencia\/","title":{"rendered":"El Festival de Fiestas Patrias de Sea Mar celebra la cultura latina y la independencia"},"content":{"rendered":"<p><strong>SEATTLE<\/strong> &#8211; El <a href=\"https:\/\/www.seattlecenter.com\/events\/featured-events\/festal\">Seattle Center Fest\u00e1l<\/a> contin\u00faa con las Fiestas Patrias de Sea Mar en el Seattle Center Armory Food &amp; Event Hall y el Fisher Pavilion de 1 a 7 p.m. el s\u00e1bado 17 de septiembre y de 1 a 6 p.m. el domingo 18 de septiembre. El festival celebra la liberaci\u00f3n de Espa\u00f1a de M\u00e9xico, Chile, Panam\u00e1, Per\u00fa y Guatemala, as\u00ed como las culturas latinas que se expanden por el Caribe.<\/p>\n<p>El festival, de dos d\u00edas de duraci\u00f3n, incluir\u00e1 m\u00fasica, baile, comida, actividades infantiles, una feria de la salud y un festival de Zumba\u00ae.<\/p>\n<p>Las Fiestas Patrias conmemoran el aniversario de la independencia de Espa\u00f1a y destacan el orgullo nacional y las culturas de M\u00e9xico, Estados Unidos, Costa Rica, Chile, El Salvador, Guatemala, Honduras y Nicaragua. El festival coincide con el Mes Nacional de la Herencia Hispana, que se celebra desde mediados de septiembre hasta mediados de octubre.<\/p>\n","protected":false},"excerpt":{"rendered":"<p>El Seattle Center Fest\u00e1l contin\u00faa con las Fiestas Patrias del Mar en el Seattle Center Armory Food &amp; Event Hall y en el Fisher Pavilion de 1 a 7 p.m. el s\u00e1bado 17 de septiembre y de 1 a 6 p.m. el domingo 18 de septiembre. El festival celebra la liberaci\u00f3n de Espa\u00f1a de M\u00e9xico, Chile, Panam\u00e1, Per\u00fa y Guatemala, as\u00ed como las culturas latinas que se expanden por el Caribe.<\/p>\n","protected":false},"author":1,"featured_media":5088,"comment_status":"open","ping_status":"closed","template":"","tags":[686,842,525,844,279,483,281,680,432,841,843,845,423,484,827,387,278,434],"mec_category":[590],"class_list":{"0":"post-5089","1":"mec-events","2":"type-mec-events","3":"status-publish","4":"has-post-thumbnail","6":"tag-evento-gratuito","7":"tag-baile","8":"tag-bilingue","9":"tag-comida-mexicana","10":"tag-comunidad","11":"tag-comunidad-latina","12":"tag-covid-19-es","13":"tag-dia-de-la-familia","14":"tag-familias","15":"tag-festal-es","16":"tag-folk-es","17":"tag-herencia-hispana","18":"tag-latinos-es","19":"tag-latinx-es","20":"tag-musica-mexicana","21":"tag-pandemia","22":"tag-seattle-es","23":"tag-vacunas","24":"mec_category-arte-y-cultura"},"yoast_head":"<!-- This site is optimized with the Yoast SEO plugin v24.7 - https:\/\/yoast.com\/wordpress\/plugins\/seo\/ -->\n<title>El Festival de Fiestas Patrias de Sea Mar celebra la cultura latina y la independencia - LatinoNW<\/title>\n<meta name=\"robots\" content=\"index, follow, max-snippet:-1, max-image-preview:large, max-video-preview:-1\" \/>\n<link rel=\"canonical\" href=\"https:\/\/www.latinonw.com\/es\/calendar\/el-festival-de-fiestas-patrias-de-sea-mar-celebra-la-cultura-latina-y-la-independencia\/\" \/>\n<meta property=\"og:locale\" content=\"es_ES\" \/>\n<meta property=\"og:type\" content=\"article\" \/>\n<meta property=\"og:title\" content=\"El Festival de Fiestas Patrias de Sea Mar celebra la cultura latina y la independencia - LatinoNW\" \/>\n<meta property=\"og:description\" content=\"El Seattle Center Fest\u00e1l contin\u00faa con las Fiestas Patrias del Mar en el Seattle Center Armory Food &amp; Event Hall y en el Fisher Pavilion de 1 a 7 p.m. el s\u00e1bado 17 de septiembre y de 1 a 6 p.m. el domingo 18 de septiembre. El festival celebra la liberaci\u00f3n de Espa\u00f1a de M\u00e9xico, Chile, Panam\u00e1, Per\u00fa y Guatemala, as\u00ed como las culturas latinas que se expanden por el Caribe.\" \/>\n<meta property=\"og:url\" content=\"https:\/\/www.latinonw.com\/es\/calendar\/el-festival-de-fiestas-patrias-de-sea-mar-celebra-la-cultura-latina-y-la-independencia\/\" \/>\n<meta property=\"og:site_name\" content=\"LatinoNW\" \/>\n<meta property=\"article:modified_time\" content=\"2025-03-20T14:46:13+00:00\" \/>\n<meta property=\"og:image\" content=\"https:\/\/www.latinonw.com\/wp-content\/uploads\/2022\/09\/events_image_fiestaspatrias.jpg\" \/>\n\t<meta property=\"og:image:width\" content=\"500\" \/>\n\t<meta property=\"og:image:height\" content=\"500\" \/>\n\t<meta property=\"og:image:type\" content=\"image\/jpeg\" \/>\n<meta name=\"twitter:card\" content=\"summary_large_image\" \/>\n<meta name=\"twitter:label1\" content=\"Tiempo de lectura\" \/>\n\t<meta name=\"twitter:data1\" content=\"1 minuto\" \/>\n<script type=\"application\/ld+json\" class=\"yoast-schema-graph\">{\"@context\":\"https:\/\/schema.org\",\"@graph\":[{\"@type\":\"WebPage\",\"@id\":\"https:\/\/www.latinonw.com\/es\/calendar\/el-festival-de-fiestas-patrias-de-sea-mar-celebra-la-cultura-latina-y-la-independencia\/\",\"url\":\"https:\/\/www.latinonw.com\/es\/calendar\/el-festival-de-fiestas-patrias-de-sea-mar-celebra-la-cultura-latina-y-la-independencia\/\",\"name\":\"El Festival de Fiestas Patrias de Sea Mar celebra la cultura latina y la independencia - LatinoNW\",\"isPartOf\":{\"@id\":\"https:\/\/www.latinonw.com\/es\/#website\"},\"primaryImageOfPage\":{\"@id\":\"https:\/\/www.latinonw.com\/es\/calendar\/el-festival-de-fiestas-patrias-de-sea-mar-celebra-la-cultura-latina-y-la-independencia\/#primaryimage\"},\"image\":{\"@id\":\"https:\/\/www.latinonw.com\/es\/calendar\/el-festival-de-fiestas-patrias-de-sea-mar-celebra-la-cultura-latina-y-la-independencia\/#primaryimage\"},\"thumbnailUrl\":\"https:\/\/www.latinonw.com\/wp-content\/uploads\/2022\/09\/events_image_fiestaspatrias.jpg\",\"datePublished\":\"2022-09-17T04:15:44+00:00\",\"dateModified\":\"2025-03-20T14:46:13+00:00\",\"breadcrumb\":{\"@id\":\"https:\/\/www.latinonw.com\/es\/calendar\/el-festival-de-fiestas-patrias-de-sea-mar-celebra-la-cultura-latina-y-la-independencia\/#breadcrumb\"},\"inLanguage\":\"es\",\"potentialAction\":[{\"@type\":\"ReadAction\",\"target\":[\"https:\/\/www.latinonw.com\/es\/calendar\/el-festival-de-fiestas-patrias-de-sea-mar-celebra-la-cultura-latina-y-la-independencia\/\"]}]},{\"@type\":\"ImageObject\",\"inLanguage\":\"es\",\"@id\":\"https:\/\/www.latinonw.com\/es\/calendar\/el-festival-de-fiestas-patrias-de-sea-mar-celebra-la-cultura-latina-y-la-independencia\/#primaryimage\",\"url\":\"https:\/\/www.latinonw.com\/wp-content\/uploads\/2022\/09\/events_image_fiestaspatrias.jpg\",\"contentUrl\":\"https:\/\/www.latinonw.com\/wp-content\/uploads\/2022\/09\/events_image_fiestaspatrias.jpg\",\"width\":500,\"height\":500},{\"@type\":\"BreadcrumbList\",\"@id\":\"https:\/\/www.latinonw.com\/es\/calendar\/el-festival-de-fiestas-patrias-de-sea-mar-celebra-la-cultura-latina-y-la-independencia\/#breadcrumb\",\"itemListElement\":[{\"@type\":\"ListItem\",\"position\":1,\"name\":\"Portal\",\"item\":\"https:\/\/www.latinonw.com\/es\/\"},{\"@type\":\"ListItem\",\"position\":2,\"name\":\"Eventos\",\"item\":\"https:\/\/www.latinonw.com\/es\/calendar\/\"},{\"@type\":\"ListItem\",\"position\":3,\"name\":\"El Festival de Fiestas Patrias de Sea Mar celebra la cultura latina y la independencia\"}]},{\"@type\":\"WebSite\",\"@id\":\"https:\/\/www.latinonw.com\/es\/#website\",\"url\":\"https:\/\/www.latinonw.com\/es\/\",\"name\":\"LatinoNW\",\"description\":\"Historias biling\u00fces que informan e inspiran a nuestras comunidades.\",\"publisher\":{\"@id\":\"https:\/\/www.latinonw.com\/es\/#organization\"},\"potentialAction\":[{\"@type\":\"SearchAction\",\"target\":{\"@type\":\"EntryPoint\",\"urlTemplate\":\"https:\/\/www.latinonw.com\/es\/?s={search_term_string}\"},\"query-input\":{\"@type\":\"PropertyValueSpecification\",\"valueRequired\":true,\"valueName\":\"search_term_string\"}}],\"inLanguage\":\"es\"},{\"@type\":\"Organization\",\"@id\":\"https:\/\/www.latinonw.com\/es\/#organization\",\"name\":\"LatinoNW\",\"url\":\"https:\/\/www.latinonw.com\/es\/\",\"logo\":{\"@type\":\"ImageObject\",\"inLanguage\":\"es\",\"@id\":\"https:\/\/www.latinonw.com\/es\/#\/schema\/logo\/image\/\",\"url\":\"https:\/\/www.latinonw.com\/wp-content\/uploads\/2022\/03\/cropped-logo_LatinoNW-g.png\",\"contentUrl\":\"https:\/\/www.latinonw.com\/wp-content\/uploads\/2022\/03\/cropped-logo_LatinoNW-g.png\",\"width\":1037,\"height\":116,\"caption\":\"LatinoNW\"},\"image\":{\"@id\":\"https:\/\/www.latinonw.com\/es\/#\/schema\/logo\/image\/\"}}]}<\/script>\n<!-- \/ Yoast SEO plugin. -->","yoast_head_json":{"title":"El Festival de Fiestas Patrias de Sea Mar celebra la cultura latina y la independencia - LatinoNW","robots":{"index":"index","follow":"follow","max-snippet":"max-snippet:-1","max-image-preview":"max-image-preview:large","max-video-preview":"max-video-preview:-1"},"canonical":"https:\/\/www.latinonw.com\/es\/calendar\/el-festival-de-fiestas-patrias-de-sea-mar-celebra-la-cultura-latina-y-la-independencia\/","og_locale":"es_ES","og_type":"article","og_title":"El Festival de Fiestas Patrias de Sea Mar celebra la cultura latina y la independencia - LatinoNW","og_description":"El Seattle Center Fest\u00e1l contin\u00faa con las Fiestas Patrias del Mar en el Seattle Center Armory Food &amp; Event Hall y en el Fisher Pavilion de 1 a 7 p.m. el s\u00e1bado 17 de septiembre y de 1 a 6 p.m. el domingo 18 de septiembre. El festival celebra la liberaci\u00f3n de Espa\u00f1a de M\u00e9xico, Chile, Panam\u00e1, Per\u00fa y Guatemala, as\u00ed como las culturas latinas que se expanden por el Caribe.","og_url":"https:\/\/www.latinonw.com\/es\/calendar\/el-festival-de-fiestas-patrias-de-sea-mar-celebra-la-cultura-latina-y-la-independencia\/","og_site_name":"LatinoNW","article_modified_time":"2025-03-20T14:46:13+00:00","og_image":[{"width":500,"height":500,"url":"https:\/\/www.latinonw.com\/wp-content\/uploads\/2022\/09\/events_image_fiestaspatrias.jpg","type":"image\/jpeg"}],"twitter_card":"summary_large_image","twitter_misc":{"Tiempo de lectura":"1 minuto"},"schema":{"@context":"https:\/\/schema.org","@graph":[{"@type":"WebPage","@id":"https:\/\/www.latinonw.com\/es\/calendar\/el-festival-de-fiestas-patrias-de-sea-mar-celebra-la-cultura-latina-y-la-independencia\/","url":"https:\/\/www.latinonw.com\/es\/calendar\/el-festival-de-fiestas-patrias-de-sea-mar-celebra-la-cultura-latina-y-la-independencia\/","name":"El Festival de Fiestas Patrias de Sea Mar celebra la cultura latina y la independencia - LatinoNW","isPartOf":{"@id":"https:\/\/www.latinonw.com\/es\/#website"},"primaryImageOfPage":{"@id":"https:\/\/www.latinonw.com\/es\/calendar\/el-festival-de-fiestas-patrias-de-sea-mar-celebra-la-cultura-latina-y-la-independencia\/#primaryimage"},"image":{"@id":"https:\/\/www.latinonw.com\/es\/calendar\/el-festival-de-fiestas-patrias-de-sea-mar-celebra-la-cultura-latina-y-la-independencia\/#primaryimage"},"thumbnailUrl":"https:\/\/www.latinonw.com\/wp-content\/uploads\/2022\/09\/events_image_fiestaspatrias.jpg","datePublished":"2022-09-17T04:15:44+00:00","dateModified":"2025-03-20T14:46:13+00:00","breadcrumb":{"@id":"https:\/\/www.latinonw.com\/es\/calendar\/el-festival-de-fiestas-patrias-de-sea-mar-celebra-la-cultura-latina-y-la-independencia\/#breadcrumb"},"inLanguage":"es","potentialAction":[{"@type":"ReadAction","target":["https:\/\/www.latinonw.com\/es\/calendar\/el-festival-de-fiestas-patrias-de-sea-mar-celebra-la-cultura-latina-y-la-independencia\/"]}]},{"@type":"ImageObject","inLanguage":"es","@id":"https:\/\/www.latinonw.com\/es\/calendar\/el-festival-de-fiestas-patrias-de-sea-mar-celebra-la-cultura-latina-y-la-independencia\/#primaryimage","url":"https:\/\/www.latinonw.com\/wp-content\/uploads\/2022\/09\/events_image_fiestaspatrias.jpg","contentUrl":"https:\/\/www.latinonw.com\/wp-content\/uploads\/2022\/09\/events_image_fiestaspatrias.jpg","width":500,"height":500},{"@type":"BreadcrumbList","@id":"https:\/\/www.latinonw.com\/es\/calendar\/el-festival-de-fiestas-patrias-de-sea-mar-celebra-la-cultura-latina-y-la-independencia\/#breadcrumb","itemListElement":[{"@type":"ListItem","position":1,"name":"Portal","item":"https:\/\/www.latinonw.com\/es\/"},{"@type":"ListItem","position":2,"name":"Eventos","item":"https:\/\/www.latinonw.com\/es\/calendar\/"},{"@type":"ListItem","position":3,"name":"El Festival de Fiestas Patrias de Sea Mar celebra la cultura latina y la independencia"}]},{"@type":"WebSite","@id":"https:\/\/www.latinonw.com\/es\/#website","url":"https:\/\/www.latinonw.com\/es\/","name":"LatinoNW","description":"Historias biling\u00fces que informan e inspiran a nuestras comunidades.","publisher":{"@id":"https:\/\/www.latinonw.com\/es\/#organization"},"potentialAction":[{"@type":"SearchAction","target":{"@type":"EntryPoint","urlTemplate":"https:\/\/www.latinonw.com\/es\/?s={search_term_string}"},"query-input":{"@type":"PropertyValueSpecification","valueRequired":true,"valueName":"search_term_string"}}],"inLanguage":"es"},{"@type":"Organization","@id":"https:\/\/www.latinonw.com\/es\/#organization","name":"LatinoNW","url":"https:\/\/www.latinonw.com\/es\/","logo":{"@type":"ImageObject","inLanguage":"es","@id":"https:\/\/www.latinonw.com\/es\/#\/schema\/logo\/image\/","url":"https:\/\/www.latinonw.com\/wp-content\/uploads\/2022\/03\/cropped-logo_LatinoNW-g.png","contentUrl":"https:\/\/www.latinonw.com\/wp-content\/uploads\/2022\/03\/cropped-logo_LatinoNW-g.png","width":1037,"height":116,"caption":"LatinoNW"},"image":{"@id":"https:\/\/www.latinonw.com\/es\/#\/schema\/logo\/image\/"}}]}},"_links":{"self":[{"href":"https:\/\/www.latinonw.com\/es\/wp-json\/wp\/v2\/mec-events\/5089","targetHints":{"allow":["GET"]}}],"collection":[{"href":"https:\/\/www.latinonw.com\/es\/wp-json\/wp\/v2\/mec-events"}],"about":[{"href":"https:\/\/www.latinonw.com\/es\/wp-json\/wp\/v2\/types\/mec-events"}],"author":[{"embeddable":true,"href":"https:\/\/www.latinonw.com\/es\/wp-json\/wp\/v2\/users\/1"}],"replies":[{"embeddable":true,"href":"https:\/\/www.latinonw.com\/es\/wp-json\/wp\/v2\/comments?post=5089"}],"wp:featuredmedia":[{"embeddable":true,"href":"https:\/\/www.latinonw.com\/es\/wp-json\/wp\/v2\/media\/5088"}],"wp:attachment":[{"href":"https:\/\/www.latinonw.com\/es\/wp-json\/wp\/v2\/media?parent=5089"}],"wp:term":[{"taxonomy":"post_tag","embeddable":true,"href":"https:\/\/www.latinonw.com\/es\/wp-json\/wp\/v2\/tags?post=5089"},{"taxonomy":"mec_category","embeddable":true,"href":"https:\/\/www.latinonw.com\/es\/wp-json\/wp\/v2\/mec_category?post=5089"}],"curies":[{"name":"wp","href":"https:\/\/api.w.org\/{rel}","templated":true}]}}